{"id":94,"date":"2023-08-13T17:48:42","date_gmt":"2023-08-13T15:48:42","guid":{"rendered":"https:\/\/ensemblechoralmixtedelyon.fr\/?page_id=94"},"modified":"2026-03-16T09:48:29","modified_gmt":"2026-03-16T08:48:29","slug":"repertoire","status":"publish","type":"page","link":"https:\/\/ensemblechoralmixtedelyon.fr\/index.php\/repertoire\/","title":{"rendered":"R\u00c9PERTOIRE"},"content":{"rendered":"\n<p>Voici des exemples d\u2019\u0153uvres que nous chantons. Pour vous permettre de d\u00e9couvrir cette musique, nous vous indiquons des interpr\u00e9tations de qualit\u00e9 qui sont disponibles en ligne.<\/p>\n\n\n\n<p><strong>SAISON 2025-2026<\/strong><\/p>\n\n\n\n<figure class=\"wp-block-embed is-type-video is-provider-youtube wp-block-embed-youtube wp-embed-aspect-16-9 wp-has-aspect-ratio\"><div class=\"wp-block-embed__wrapper\">\n<iframe loading=\"lazy\" title=\"Andr\u00e9e: Ur Dr\u00f6mliv I, II, III - Kongl. Teknologk\u00f6ren\" width=\"625\" height=\"352\" src=\"https:\/\/www.youtube.com\/embed\/TxQcoFpsYJ0?feature=oembed\" frameborder=\"0\" allow=\"accelerometer; autoplay; clipboard-write; encrypted-media; gyroscope; picture-in-picture; web-share\" referrerpolicy=\"strict-origin-when-cross-origin\" allowfullscreen><\/iframe>\n<\/div><\/figure>\n\n\n\n<figure class=\"wp-block-embed is-type-video is-provider-youtube wp-block-embed-youtube wp-embed-aspect-16-9 wp-has-aspect-ratio\"><div class=\"wp-block-embed__wrapper\">\n<iframe loading=\"lazy\" title=\"Juan V\u00e1squez, Salga la luna\" width=\"625\" height=\"352\" src=\"https:\/\/www.youtube.com\/embed\/txlQYhpJbWY?feature=oembed\" frameborder=\"0\" allow=\"accelerometer; autoplay; clipboard-write; encrypted-media; gyroscope; picture-in-picture; web-share\" referrerpolicy=\"strict-origin-when-cross-origin\" allowfullscreen><\/iframe>\n<\/div><\/figure>\n\n\n\n<figure class=\"wp-block-embed is-type-video is-provider-youtube wp-block-embed-youtube wp-embed-aspect-16-9 wp-has-aspect-ratio\"><div class=\"wp-block-embed__wrapper\">\n<iframe loading=\"lazy\" title=\"VOCES8: Ave Maria, Virgo Serena (Josquin des Prez)\" width=\"625\" height=\"352\" src=\"https:\/\/www.youtube.com\/embed\/kyGlFisv7Ng?list=OLAK5uy_ksVnpBrtBVKUV9JmGYPyjCfxnqzIy7fJ8\" frameborder=\"0\" allow=\"accelerometer; autoplay; clipboard-write; encrypted-media; gyroscope; picture-in-picture; web-share\" referrerpolicy=\"strict-origin-when-cross-origin\" allowfullscreen><\/iframe>\n<\/div><\/figure>\n\n\n\n<p><\/p>\n\n\n\n<p><strong>SAISON 2024-2025<\/strong><\/p>\n\n\n\n<figure class=\"wp-block-embed is-type-video is-provider-youtube wp-block-embed-youtube wp-embed-aspect-16-9 wp-has-aspect-ratio\"><div class=\"wp-block-embed__wrapper\">\n<iframe loading=\"lazy\" title=\"VOCES8: Northern Lights by Ola Gjeilo\" width=\"625\" height=\"352\" src=\"https:\/\/www.youtube.com\/embed\/NspOpsKs8vc?feature=oembed\" frameborder=\"0\" allow=\"accelerometer; autoplay; clipboard-write; encrypted-media; gyroscope; picture-in-picture; web-share\" referrerpolicy=\"strict-origin-when-cross-origin\" allowfullscreen><\/iframe>\n<\/div><\/figure>\n\n\n\n<figure class=\"wp-block-embed is-type-video is-provider-youtube wp-block-embed-youtube wp-embed-aspect-4-3 wp-has-aspect-ratio\"><div class=\"wp-block-embed__wrapper\">\n<iframe loading=\"lazy\" title=\"Mignonne, allon voir si la roze\" width=\"625\" height=\"469\" src=\"https:\/\/www.youtube.com\/embed\/yypxmK62RGk?feature=oembed\" frameborder=\"0\" allow=\"accelerometer; autoplay; clipboard-write; encrypted-media; gyroscope; picture-in-picture; web-share\" referrerpolicy=\"strict-origin-when-cross-origin\" allowfullscreen><\/iframe>\n<\/div><\/figure>\n\n\n\n<figure class=\"wp-block-embed is-type-video is-provider-youtube wp-block-embed-youtube wp-embed-aspect-4-3 wp-has-aspect-ratio\"><div class=\"wp-block-embed__wrapper\">\n<iframe loading=\"lazy\" title=\"Mendelssohn: 6 Lieder, Op. 41: No. 1 Im Walde, MWV F 10\" width=\"625\" height=\"469\" src=\"https:\/\/www.youtube.com\/embed\/B87gknMsbaI?feature=oembed\" frameborder=\"0\" allow=\"accelerometer; autoplay; clipboard-write; encrypted-media; gyroscope; picture-in-picture; web-share\" referrerpolicy=\"strict-origin-when-cross-origin\" allowfullscreen><\/iframe>\n<\/div><\/figure>\n\n\n\n<p><\/p>\n\n\n\n<p><\/p>\n\n\n\n<p><strong>SAISONS PR\u00c9C\u00c9DENTES<\/strong> <\/p>\n\n\n\n<figure class=\"wp-block-table is-style-stripes\"><table><tbody><tr><td><strong><mark style=\"background-color:rgba(0, 0, 0, 0)\" class=\"has-inline-color has-blue-color\">COMPOSITEUR<\/mark><\/strong><\/td><td><strong><mark style=\"background-color:rgba(0, 0, 0, 0)\" class=\"has-inline-color has-blue-color\">\u0152UVRE<\/mark><\/strong><\/td><td><strong><mark style=\"background-color:rgba(0, 0, 0, 0)\" class=\"has-inline-color has-blue-color\">INTERPR\u00c9TATION<\/mark><\/strong><\/td><\/tr><tr><td><strong><mark style=\"background-color:rgba(0, 0, 0, 0)\" class=\"has-inline-color has-dark-gray-color\">Llibre Vermell de Montserrat&nbsp;(ca.1400)<\/mark><\/strong><\/td><td><strong><mark style=\"background-color:rgba(0, 0, 0, 0)\" class=\"has-inline-color has-dark-gray-color\">Mariam Matrem<br>O Virgo splendens<br>Stella splendens<\/mark><\/strong><\/td><td><strong><mark style=\"background-color:rgba(0, 0, 0, 0)\" class=\"has-inline-color has-dark-gray-color\"><a href=\"https:\/\/www.youtube.com\/watch?v=EkhcsnH-ydE&amp;list=PLa1rC97wRkZhkzzu8y_kFxBwhrKu0AkOc&amp;index=16\">Mariam matrem Virginem<\/a><br><a href=\"https:\/\/www.youtube.com\/watch?v=-hRdFlRPVMM&amp;list=PLa1rC97wRkZhkzzu8y_kFxBwhrKu0AkOc&amp;index=2\">O Virgo splendens (canon)<\/a><br><a href=\"https:\/\/www.youtube.com\/watch?v=x25mD35ZDm0&amp;list=PLa1rC97wRkZhkzzu8y_kFxBwhrKu0AkOc&amp;index=4\">Stella splendens<\/a><\/mark><\/strong><\/td><\/tr><tr><td><strong><mark style=\"background-color:rgba(0, 0, 0, 0)\" class=\"has-inline-color has-dark-gray-color\">Thomas MORLEY&nbsp;(1558-1603)&nbsp;<\/mark><\/strong><\/td><td><strong><mark style=\"background-color:rgba(0, 0, 0, 0)\" class=\"has-inline-color has-dark-gray-color\">April is in My Mistress&rsquo; Face<\/mark><\/strong><\/td><td><a href=\"http:\/\/www.youtube.com\/watch?v=o4vE2lZWZVU\"><strong>April is in My Mistress&rsquo; Face<\/strong><\/a><\/td><\/tr><tr><td><strong><mark style=\"background-color:rgba(0, 0, 0, 0)\" class=\"has-inline-color has-dark-gray-color\">Johannes BRAHMS&nbsp;(1833-1897)&nbsp;<\/mark><\/strong><\/td><td><strong><mark style=\"background-color:rgba(0, 0, 0, 0)\" class=\"has-inline-color has-dark-gray-color\">Von edler Art<\/mark><\/strong><\/td><td><strong><a href=\"https:\/\/www.youtube.com\/watch?v=kXsF2Yz-FKA\">Von edler Art<\/a> (1er titre)<\/strong><\/td><\/tr><tr><td><strong><mark style=\"background-color:rgba(0, 0, 0, 0)\" class=\"has-inline-color has-dark-gray-color\">Francis POULENC&nbsp;(1899-1963)&nbsp;<\/mark><\/strong><\/td><td><strong><mark style=\"background-color:rgba(0, 0, 0, 0)\" class=\"has-inline-color has-dark-gray-color\">Margoton<\/mark><\/strong><\/td><td><strong><a href=\"https:\/\/www.youtube.com\/watch?v=OGuaDWf1Ad0\">Margoton<\/a>  (1er titre)<\/strong><\/td><\/tr><tr><td><strong><mark style=\"background-color:rgba(0, 0, 0, 0)\" class=\"has-inline-color has-dark-gray-color\">Manuel OLTRA&nbsp;(1922-2015)&nbsp;<\/mark><\/strong><\/td><td><strong><mark style=\"background-color:rgba(0, 0, 0, 0)\" class=\"has-inline-color has-dark-gray-color\">Tres canciones de amor<\/mark><\/strong><\/td><td><a href=\"https:\/\/www.youtube.com\/watch?v=XJ22GIdkxEE\"><strong>Tres canciones de amor<\/strong><\/a><\/td><\/tr><tr><td><strong><mark style=\"background-color:rgba(0, 0, 0, 0)\" class=\"has-inline-color has-dark-gray-color\">Philip STOPFORD&nbsp;(1977)&nbsp;<\/mark><\/strong><\/td><td><strong><mark style=\"background-color:rgba(0, 0, 0, 0)\" class=\"has-inline-color has-dark-gray-color\">Lully, Lulla, Lullay<\/mark><\/strong><mark style=\"background-color:rgba(0, 0, 0, 0)\" class=\"has-inline-color has-dark-gray-color\"><mark style=\"background-color:rgba(0, 0, 0, 0)\" class=\"has-inline-color has-dark-gray-color\"><\/mark><\/mark><\/td><td><a href=\"http:\/\/youtu.be\/C6o0amydcLU\" data-type=\"link\" data-id=\"http:\/\/youtu.be\/C6o0amydcLU\"><strong>Lully, Lulla, Lullay<\/strong><\/a><\/td><\/tr><tr><td><strong><mark style=\"background-color:rgba(0, 0, 0, 0)\" class=\"has-inline-color has-dark-gray-color\">John DOWLAND (1563-1626)<\/mark><\/strong><\/td><td><strong><mark style=\"background-color:rgba(0, 0, 0, 0)\" class=\"has-inline-color has-dark-gray-color\">My thoughts are winged with hopes<\/mark><\/strong><\/td><td><a href=\"https:\/\/www.youtube.com\/watch?v=WZ7rziQt7hk\"><strong>My thoughts are winged with hopes<\/strong><\/a><\/td><\/tr><tr><td><strong><mark style=\"background-color:rgba(0, 0, 0, 0)\" class=\"has-inline-color has-dark-gray-color\">Giovanni Pierluigi da PALESTRINA (ca.1525-1594)<\/mark><\/strong><\/td><td><strong><mark style=\"background-color:rgba(0, 0, 0, 0)\" class=\"has-inline-color has-dark-gray-color\">Sicut cervus (Psaume 42)<\/mark><\/strong><\/td><td><a href=\"https:\/\/www.youtube.com\/watch?v=dU7k-hiiVjw\" data-type=\"link\" data-id=\"https:\/\/www.youtube.com\/watch?v=dU7k-hiiVjw\"><strong>Sicut cervus<\/strong><\/a><\/td><\/tr><tr><td><strong><mark style=\"background-color:rgba(0, 0, 0, 0)\" class=\"has-inline-color has-dark-gray-color\">Claudio MONTEVERDI<\/mark><\/strong> <strong>(<mark style=\"background-color:rgba(0, 0, 0, 0)\" class=\"has-inline-color has-dark-gray-color\">1567-1643)<\/mark><\/strong><\/td><td><strong><mark style=\"background-color:rgba(0, 0, 0, 0)\" class=\"has-inline-color has-dark-gray-color\">Quam pulchra es<\/mark><\/strong><\/td><td><a href=\"https:\/\/www.youtube.com\/watch?v=jRWHJgcfv1M\" data-type=\"link\" data-id=\"https:\/\/www.youtube.com\/watch?v=jRWHJgcfv1M\"><strong>Quam pulchra es<\/strong><\/a><\/td><\/tr><tr><td><strong><mark style=\"background-color:rgba(0, 0, 0, 0)\" class=\"has-inline-color has-dark-gray-color\">Micha\u00ebl HAYDN<\/mark><\/strong> <strong><mark style=\"background-color:rgba(0, 0, 0, 0)\" class=\"has-inline-color has-dark-gray-color\">(1737-1806)<\/mark><\/strong><\/td><td><strong><mark style=\"background-color:rgba(0, 0, 0, 0)\" class=\"has-inline-color has-dark-gray-color\">Caligaverut oculi mei<\/mark><\/strong><\/td><td><a href=\"https:\/\/www.youtube.com\/watch?v=rdlckFWC16k\" data-type=\"link\" data-id=\"https:\/\/www.youtube.com\/watch?v=rdlckFWC16k\"><strong>Caligaverunt oculi mei<\/strong><\/a><\/td><\/tr><\/tbody><\/table><\/figure>\n\n\n\n<p><\/p>\n","protected":false},"excerpt":{"rendered":"<p>Voici des exemples d\u2019\u0153uvres que nous chantons. Pour vous permettre de d\u00e9couvrir cette musique, nous vous indiquons des interpr\u00e9tations de qualit\u00e9 qui sont disponibles en ligne. SAISON 2025-2026 SAISON 2024-2025 SAISONS PR\u00c9C\u00c9DENTES COMPOSITEUR \u0152UVRE INTERPR\u00c9TATION Llibre Vermell de Montserrat&nbsp;(ca.1400) Mariam MatremO Virgo splendensStella splendens Mariam matrem VirginemO Virgo splendens (canon)Stella splendens Thomas MORLEY&nbsp;(1558-1603)&nbsp; April is [&hellip;]<\/p>\n","protected":false},"author":1,"featured_media":0,"parent":0,"menu_order":0,"comment_status":"closed","ping_status":"closed","template":"","meta":{"footnotes":""},"class_list":["post-94","page","type-page","status-publish","hentry"],"_links":{"self":[{"href":"https:\/\/ensemblechoralmixtedelyon.fr\/index.php\/wp-json\/wp\/v2\/pages\/94","targetHints":{"allow":["GET"]}}],"collection":[{"href":"https:\/\/ensemblechoralmixtedelyon.fr\/index.php\/wp-json\/wp\/v2\/pages"}],"about":[{"href":"https:\/\/ensemblechoralmixtedelyon.fr\/index.php\/wp-json\/wp\/v2\/types\/page"}],"author":[{"embeddable":true,"href":"https:\/\/ensemblechoralmixtedelyon.fr\/index.php\/wp-json\/wp\/v2\/users\/1"}],"replies":[{"embeddable":true,"href":"https:\/\/ensemblechoralmixtedelyon.fr\/index.php\/wp-json\/wp\/v2\/comments?post=94"}],"version-history":[{"count":42,"href":"https:\/\/ensemblechoralmixtedelyon.fr\/index.php\/wp-json\/wp\/v2\/pages\/94\/revisions"}],"predecessor-version":[{"id":505,"href":"https:\/\/ensemblechoralmixtedelyon.fr\/index.php\/wp-json\/wp\/v2\/pages\/94\/revisions\/505"}],"wp:attachment":[{"href":"https:\/\/ensemblechoralmixtedelyon.fr\/index.php\/wp-json\/wp\/v2\/media?parent=94"}],"curies":[{"name":"wp","href":"https:\/\/api.w.org\/{rel}","templated":true}]}}