{"id":254,"date":"2023-08-27T10:15:29","date_gmt":"2023-08-27T08:15:29","guid":{"rendered":"https:\/\/ensemblechoralmixtedelyon.fr\/?page_id=254"},"modified":"2026-03-16T09:55:25","modified_gmt":"2026-03-16T08:55:25","slug":"actualites","status":"publish","type":"page","link":"https:\/\/ensemblechoralmixtedelyon.fr\/index.php\/actualites\/","title":{"rendered":"TEMPS FORTS"},"content":{"rendered":"\n<div class=\"wp-block-media-text is-stacked-on-mobile\"><figure class=\"wp-block-media-text__media\"><img loading=\"lazy\" decoding=\"async\" width=\"1024\" height=\"723\" src=\"http:\/\/ensemblechoralmixtedelyon.fr\/wp-content\/uploads\/2026\/03\/IMG-20260315-WA0004-1024x723.jpg\" alt=\"\" class=\"wp-image-507 size-full\" srcset=\"https:\/\/ensemblechoralmixtedelyon.fr\/wp-content\/uploads\/2026\/03\/IMG-20260315-WA0004-1024x723.jpg 1024w, https:\/\/ensemblechoralmixtedelyon.fr\/wp-content\/uploads\/2026\/03\/IMG-20260315-WA0004-300x212.jpg 300w, https:\/\/ensemblechoralmixtedelyon.fr\/wp-content\/uploads\/2026\/03\/IMG-20260315-WA0004-768x542.jpg 768w, https:\/\/ensemblechoralmixtedelyon.fr\/wp-content\/uploads\/2026\/03\/IMG-20260315-WA0004-1536x1085.jpg 1536w, https:\/\/ensemblechoralmixtedelyon.fr\/wp-content\/uploads\/2026\/03\/IMG-20260315-WA0004-624x441.jpg 624w, https:\/\/ensemblechoralmixtedelyon.fr\/wp-content\/uploads\/2026\/03\/IMG-20260315-WA0004.jpg 1937w\" sizes=\"auto, (max-width: 1024px) 100vw, 1024px\" \/><\/figure><div class=\"wp-block-media-text__content\">\n<p><strong><mark style=\"background-color:rgba(0, 0, 0, 0)\" class=\"has-inline-color has-blue-color\">DERNIER DIMANCHE DE TRAVAIL<\/mark><\/strong><\/p>\n\n\n\n<p>Un moment s\u00e9rieux et convivial. Cette ann\u00e9e, nous chantons en su\u00e9dois et en allemand. Un vrai d\u00e9fi !<\/p>\n<\/div><\/div>\n\n\n\n<p><strong><mark style=\"background-color:rgba(0, 0, 0, 0)\" class=\"has-inline-color has-blue-color\">BONNE ANN\u00c9E 2026 !<\/mark><\/strong><\/p>\n\n\n\n<p>L&rsquo;ECML reprend ses activit\u00e9s en ce mois de janvier 2026, et vous donne rendez-vous en fin de saison pour un moment musical. <\/p>\n\n\n\n<div class=\"wp-block-media-text is-stacked-on-mobile\"><figure class=\"wp-block-media-text__media\"><img loading=\"lazy\" decoding=\"async\" width=\"1024\" height=\"683\" src=\"https:\/\/ensemblechoralmixtedelyon.fr\/wp-content\/uploads\/2026\/01\/Bonne-annee-2026-1024x683.png\" alt=\"\" class=\"wp-image-497 size-full\" srcset=\"https:\/\/ensemblechoralmixtedelyon.fr\/wp-content\/uploads\/2026\/01\/Bonne-annee-2026-1024x683.png 1024w, https:\/\/ensemblechoralmixtedelyon.fr\/wp-content\/uploads\/2026\/01\/Bonne-annee-2026-300x200.png 300w, https:\/\/ensemblechoralmixtedelyon.fr\/wp-content\/uploads\/2026\/01\/Bonne-annee-2026-768x512.png 768w, https:\/\/ensemblechoralmixtedelyon.fr\/wp-content\/uploads\/2026\/01\/Bonne-annee-2026-1536x1024.png 1536w, https:\/\/ensemblechoralmixtedelyon.fr\/wp-content\/uploads\/2026\/01\/Bonne-annee-2026-624x416.png 624w, https:\/\/ensemblechoralmixtedelyon.fr\/wp-content\/uploads\/2026\/01\/Bonne-annee-2026.png 1920w\" sizes=\"auto, (max-width: 1024px) 100vw, 1024px\" \/><\/figure><div class=\"wp-block-media-text__content\">\n<p class=\"has-text-align-center\">Les choristes se sont retrouv\u00e9s le dimanche 25 janvier pour une journ\u00e9e de travail et la traditionnelle galette. L&rsquo;occasion aussi d&rsquo;inviter les anciens et de partager un beau moment. <\/p>\n\n\n\n<p class=\"has-text-align-center\">Merci au Centre social de Cusset qui nous accueille r\u00e9guli\u00e8rement.<\/p>\n<\/div><\/div>\n\n\n\n<p><\/p>\n\n\n\n<p>B<strong><mark style=\"background-color:rgba(0, 0, 0, 0)\" class=\"has-inline-color has-blue-color\">IENNALE DES ASSOCIATIONS : UNE BELLE JOURN\u00c9E D&rsquo;\u00c9CHANGES <\/mark><\/strong><\/p>\n\n\n\n<p>Merci \u00e0 toutes celles et tous ceux qui sont venus \u00e0 notre rencontre et ont partag\u00e9 avec nous un moment sympa autour de la musique.<\/p>\n\n\n\n<p>Merci aux choristes de l&rsquo;ECML qui se sont mobilis\u00e9s (et qui ont fourni leurs photos).<\/p>\n\n\n\n<p>Merci \u00e0 la Ville de Villeurbanne pour l&rsquo;organisation et l&rsquo;accueil.<\/p>\n\n\n\n<figure class=\"wp-block-gallery has-nested-images columns-default is-cropped wp-block-gallery-1 is-layout-flex wp-block-gallery-is-layout-flex\">\n<figure class=\"wp-block-image size-large\"><img loading=\"lazy\" decoding=\"async\" width=\"768\" height=\"1024\" data-id=\"475\" src=\"https:\/\/ensemblechoralmixtedelyon.fr\/wp-content\/uploads\/2025\/09\/20250914_153446-768x1024.jpg\" alt=\"\" class=\"wp-image-475\" srcset=\"https:\/\/ensemblechoralmixtedelyon.fr\/wp-content\/uploads\/2025\/09\/20250914_153446-768x1024.jpg 768w, https:\/\/ensemblechoralmixtedelyon.fr\/wp-content\/uploads\/2025\/09\/20250914_153446-225x300.jpg 225w, https:\/\/ensemblechoralmixtedelyon.fr\/wp-content\/uploads\/2025\/09\/20250914_153446-1152x1536.jpg 1152w, https:\/\/ensemblechoralmixtedelyon.fr\/wp-content\/uploads\/2025\/09\/20250914_153446-1536x2048.jpg 1536w, https:\/\/ensemblechoralmixtedelyon.fr\/wp-content\/uploads\/2025\/09\/20250914_153446-624x832.jpg 624w, https:\/\/ensemblechoralmixtedelyon.fr\/wp-content\/uploads\/2025\/09\/20250914_153446-scaled.jpg 1920w\" sizes=\"auto, (max-width: 768px) 100vw, 768px\" \/><\/figure>\n\n\n\n<figure class=\"wp-block-image size-large\"><img loading=\"lazy\" decoding=\"async\" width=\"1024\" height=\"768\" data-id=\"474\" src=\"https:\/\/ensemblechoralmixtedelyon.fr\/wp-content\/uploads\/2025\/09\/IMG-20250914-WA0001-1024x768.jpg\" alt=\"\" class=\"wp-image-474\" srcset=\"https:\/\/ensemblechoralmixtedelyon.fr\/wp-content\/uploads\/2025\/09\/IMG-20250914-WA0001-1024x768.jpg 1024w, https:\/\/ensemblechoralmixtedelyon.fr\/wp-content\/uploads\/2025\/09\/IMG-20250914-WA0001-300x225.jpg 300w, https:\/\/ensemblechoralmixtedelyon.fr\/wp-content\/uploads\/2025\/09\/IMG-20250914-WA0001-768x576.jpg 768w, https:\/\/ensemblechoralmixtedelyon.fr\/wp-content\/uploads\/2025\/09\/IMG-20250914-WA0001-1536x1153.jpg 1536w, https:\/\/ensemblechoralmixtedelyon.fr\/wp-content\/uploads\/2025\/09\/IMG-20250914-WA0001-624x468.jpg 624w, https:\/\/ensemblechoralmixtedelyon.fr\/wp-content\/uploads\/2025\/09\/IMG-20250914-WA0001.jpg 1599w\" sizes=\"auto, (max-width: 1024px) 100vw, 1024px\" \/><\/figure>\n\n\n\n<figure class=\"wp-block-image size-large\"><img loading=\"lazy\" decoding=\"async\" width=\"1024\" height=\"576\" data-id=\"473\" src=\"https:\/\/ensemblechoralmixtedelyon.fr\/wp-content\/uploads\/2025\/09\/IMG-20250915-WA0003-1024x576.jpg\" alt=\"\" class=\"wp-image-473\" srcset=\"https:\/\/ensemblechoralmixtedelyon.fr\/wp-content\/uploads\/2025\/09\/IMG-20250915-WA0003-1024x576.jpg 1024w, https:\/\/ensemblechoralmixtedelyon.fr\/wp-content\/uploads\/2025\/09\/IMG-20250915-WA0003-300x169.jpg 300w, https:\/\/ensemblechoralmixtedelyon.fr\/wp-content\/uploads\/2025\/09\/IMG-20250915-WA0003-768x432.jpg 768w, https:\/\/ensemblechoralmixtedelyon.fr\/wp-content\/uploads\/2025\/09\/IMG-20250915-WA0003-1536x864.jpg 1536w, https:\/\/ensemblechoralmixtedelyon.fr\/wp-content\/uploads\/2025\/09\/IMG-20250915-WA0003-624x351.jpg 624w, https:\/\/ensemblechoralmixtedelyon.fr\/wp-content\/uploads\/2025\/09\/IMG-20250915-WA0003.jpg 1600w\" sizes=\"auto, (max-width: 1024px) 100vw, 1024px\" \/><\/figure>\n<\/figure>\n\n\n\n<p><strong><mark style=\"background-color:rgba(0, 0, 0, 0)\" class=\"has-inline-color has-blue-color\">RENDEZ-VOUS LE 14 SEPTEMBRE 2025<\/mark><\/strong><\/p>\n\n\n\n<div class=\"wp-block-media-text is-stacked-on-mobile\" style=\"grid-template-columns:21% auto\"><figure class=\"wp-block-media-text__media\"><img decoding=\"async\" src=\"https:\/\/www.wikilleurbanne.fr\/cache\/BiennaleDesAsso_Logo_Biennale_criture_002_vignette_780_544_20250724105207_20250724105258.png\" alt=\"\"\/><\/figure><div class=\"wp-block-media-text__content\">\n<p>L&rsquo;ECML vous attend le dimanche 14 septembre 2025 \u00e0 la <a href=\"https:\/\/www.wikilleurbanne.fr\/?BiennaleDesAsso\">Biennale des associations<\/a> de Villeurbanne de 10h \u00e0 17h (stand 101). La Biennale se tient place Lazare Goujon, devant l&rsquo;h\u00f4tel de ville.<\/p>\n<\/div><\/div>\n\n\n\n<p><strong><mark style=\"background-color:rgba(0, 0, 0, 0)\" class=\"has-inline-color has-blue-color\">DERNIER MOMENT CONVIVIAL AVANT LES VACANCES<\/mark><\/strong><\/p>\n\n\n\n<p>Nous avons fini l&rsquo;ann\u00e9e sur un moment partag\u00e9 avant de nous s\u00e9parer pour l&rsquo;\u00e9t\u00e9 (avec des devoirs de vacances pour celles et ceux qui le souhaitent).<\/p>\n\n\n\n<p>Rendez-vous \u00e0 la rentr\u00e9e ! <\/p>\n\n\n\n<figure class=\"wp-block-gallery has-nested-images columns-default is-cropped wp-block-gallery-2 is-layout-flex wp-block-gallery-is-layout-flex\">\n<figure class=\"wp-block-image size-large\"><img loading=\"lazy\" decoding=\"async\" width=\"1024\" height=\"768\" data-id=\"446\" src=\"https:\/\/ensemblechoralmixtedelyon.fr\/wp-content\/uploads\/2025\/07\/20250701_214722_resized-1-1024x768.jpg\" alt=\"\" class=\"wp-image-446\" srcset=\"https:\/\/ensemblechoralmixtedelyon.fr\/wp-content\/uploads\/2025\/07\/20250701_214722_resized-1-1024x768.jpg 1024w, https:\/\/ensemblechoralmixtedelyon.fr\/wp-content\/uploads\/2025\/07\/20250701_214722_resized-1-300x225.jpg 300w, https:\/\/ensemblechoralmixtedelyon.fr\/wp-content\/uploads\/2025\/07\/20250701_214722_resized-1-768x576.jpg 768w, https:\/\/ensemblechoralmixtedelyon.fr\/wp-content\/uploads\/2025\/07\/20250701_214722_resized-1-1536x1152.jpg 1536w, https:\/\/ensemblechoralmixtedelyon.fr\/wp-content\/uploads\/2025\/07\/20250701_214722_resized-1-2048x1536.jpg 2048w, https:\/\/ensemblechoralmixtedelyon.fr\/wp-content\/uploads\/2025\/07\/20250701_214722_resized-1-624x468.jpg 624w\" sizes=\"auto, (max-width: 1024px) 100vw, 1024px\" \/><\/figure>\n\n\n\n<figure class=\"wp-block-image size-large\"><img loading=\"lazy\" decoding=\"async\" width=\"768\" height=\"1024\" data-id=\"445\" src=\"https:\/\/ensemblechoralmixtedelyon.fr\/wp-content\/uploads\/2025\/07\/20250701_214632_resized-768x1024.jpg\" alt=\"\" class=\"wp-image-445\" srcset=\"https:\/\/ensemblechoralmixtedelyon.fr\/wp-content\/uploads\/2025\/07\/20250701_214632_resized-768x1024.jpg 768w, https:\/\/ensemblechoralmixtedelyon.fr\/wp-content\/uploads\/2025\/07\/20250701_214632_resized-225x300.jpg 225w, https:\/\/ensemblechoralmixtedelyon.fr\/wp-content\/uploads\/2025\/07\/20250701_214632_resized-1152x1536.jpg 1152w, https:\/\/ensemblechoralmixtedelyon.fr\/wp-content\/uploads\/2025\/07\/20250701_214632_resized-1536x2048.jpg 1536w, https:\/\/ensemblechoralmixtedelyon.fr\/wp-content\/uploads\/2025\/07\/20250701_214632_resized-624x832.jpg 624w, https:\/\/ensemblechoralmixtedelyon.fr\/wp-content\/uploads\/2025\/07\/20250701_214632_resized.jpg 1728w\" sizes=\"auto, (max-width: 768px) 100vw, 768px\" \/><\/figure>\n<\/figure>\n\n\n\n<p><strong><mark style=\"background-color:rgba(0, 0, 0, 0)\" class=\"has-inline-color has-blue-color\">CONCERT DE FIN D&rsquo;ANN\u00c9E<\/mark><\/strong><\/p>\n\n\n\n<p>Nos concerts ont eu lieu les 20 et 21 juin 2025 \u00e0 la chapelle de l&rsquo;H\u00f4pital de Fourvi\u00e8re. Nous avons eu la chance d&rsquo;offrir une prestation aux patients de l&rsquo;h\u00f4pital et \u00e0 leur famille le vendredi avant de retrouver nos proches le samedi pour la F\u00eate de la musique.<\/p>\n\n\n\n<p>Notre programme \u00e9tait compos\u00e9 de pi\u00e8ces sacr\u00e9es et profanes de la Renaissance \u00e0 nos jours, avec des \u00ab\u00a0tubes\u00a0\u00bb pour ensemble vocal, comme <em>Northern Lights<\/em> de Ola Gjeilo ou <em>Abschied vom Wald<\/em> de Felix Mendelsohnn et des d\u00e9couvertes comme <em>Ur Dr\u00f6mliv<\/em> de Elfrida Andree. Un moment musical chaleureux pour finir la saison.<\/p>\n\n\n\n<p><strong><mark style=\"background-color:rgba(0, 0, 0, 0)\" class=\"has-inline-color has-blue-color\">REPRISE DES R\u00c9P\u00c9TITIONS DU DIMANCHE<\/mark><\/strong><\/p>\n\n\n\n<p>Les r\u00e9p\u00e9titions du dimanche avaient disparu de notre programme annuel. Elles sont de retour et l&rsquo;ECML s&rsquo;en r\u00e9jouit.<\/p>\n\n\n\n<p>Nous nous sommes retrouv\u00e9s le dimanche 26 janvier pour une r\u00e9p\u00e9tition et un moment convivial.<\/p>\n\n\n\n<p>D\u00e9chiffrage d&rsquo;une partition de Passereau, et travail des pi\u00e8ces de Mendelssohn, de Gjeilo et d&rsquo;Elfrieda Andr\u00e9e ont ponctu\u00e9 notre journ\u00e9e.<\/p>\n\n\n\n<p>Merci au <a href=\"https:\/\/cscusset.fr\/\">Centre social de Cusset<\/a> pour son accueil, \u00e0 notre chef de ch\u0153ur pour sa patience et au ch\u0153ur pour sa bonne humeur.<\/p>\n\n\n\n<figure class=\"wp-block-gallery has-nested-images columns-default is-cropped wp-block-gallery-3 is-layout-flex wp-block-gallery-is-layout-flex\">\n<figure class=\"wp-block-image size-large\"><img loading=\"lazy\" decoding=\"async\" width=\"1024\" height=\"768\" data-id=\"401\" src=\"https:\/\/ensemblechoralmixtedelyon.fr\/wp-content\/uploads\/2025\/01\/20250126_100200-1024x768.jpg\" alt=\"\" class=\"wp-image-401\" srcset=\"https:\/\/ensemblechoralmixtedelyon.fr\/wp-content\/uploads\/2025\/01\/20250126_100200-1024x768.jpg 1024w, https:\/\/ensemblechoralmixtedelyon.fr\/wp-content\/uploads\/2025\/01\/20250126_100200-300x225.jpg 300w, https:\/\/ensemblechoralmixtedelyon.fr\/wp-content\/uploads\/2025\/01\/20250126_100200-768x576.jpg 768w, https:\/\/ensemblechoralmixtedelyon.fr\/wp-content\/uploads\/2025\/01\/20250126_100200-1536x1152.jpg 1536w, https:\/\/ensemblechoralmixtedelyon.fr\/wp-content\/uploads\/2025\/01\/20250126_100200-2048x1536.jpg 2048w, https:\/\/ensemblechoralmixtedelyon.fr\/wp-content\/uploads\/2025\/01\/20250126_100200-624x468.jpg 624w\" sizes=\"auto, (max-width: 1024px) 100vw, 1024px\" \/><\/figure>\n\n\n\n<figure class=\"wp-block-image size-large\"><img loading=\"lazy\" decoding=\"async\" width=\"1024\" height=\"768\" data-id=\"400\" src=\"https:\/\/ensemblechoralmixtedelyon.fr\/wp-content\/uploads\/2025\/01\/20250126_123133-1024x768.jpg\" alt=\"\" class=\"wp-image-400\" srcset=\"https:\/\/ensemblechoralmixtedelyon.fr\/wp-content\/uploads\/2025\/01\/20250126_123133-1024x768.jpg 1024w, https:\/\/ensemblechoralmixtedelyon.fr\/wp-content\/uploads\/2025\/01\/20250126_123133-300x225.jpg 300w, https:\/\/ensemblechoralmixtedelyon.fr\/wp-content\/uploads\/2025\/01\/20250126_123133-768x576.jpg 768w, https:\/\/ensemblechoralmixtedelyon.fr\/wp-content\/uploads\/2025\/01\/20250126_123133-1536x1152.jpg 1536w, https:\/\/ensemblechoralmixtedelyon.fr\/wp-content\/uploads\/2025\/01\/20250126_123133-2048x1536.jpg 2048w, https:\/\/ensemblechoralmixtedelyon.fr\/wp-content\/uploads\/2025\/01\/20250126_123133-624x468.jpg 624w\" sizes=\"auto, (max-width: 1024px) 100vw, 1024px\" \/><\/figure>\n<\/figure>\n\n\n\n<div class=\"wp-block-media-text has-media-on-the-right is-stacked-on-mobile\"><div class=\"wp-block-media-text__content\">\n<p><strong><mark style=\"background-color:rgba(0, 0, 0, 0)\" class=\"has-inline-color has-blue-color\">POUR UNE NOUVELLE ANN\u00c9E EN MUSIQUE<\/mark><\/strong><\/p>\n\n\n\n<p>Tous les choristes de l&rsquo;ECML vous souhaitent une excellente ann\u00e9e 2025.<\/p>\n\n\n\n<p>Les r\u00e9p\u00e9titions reprennent \u00e0 compter du mardi 7 janvier 2025 au CCVA \u00e0 19h45.<\/p>\n<\/div><figure class=\"wp-block-media-text__media\"><img loading=\"lazy\" decoding=\"async\" width=\"1024\" height=\"682\" src=\"http:\/\/ensemblechoralmixtedelyon.fr\/wp-content\/uploads\/2024\/12\/snowflake-1065155_1280-1-1024x682.jpg\" alt=\"\" class=\"wp-image-383 size-full\" srcset=\"https:\/\/ensemblechoralmixtedelyon.fr\/wp-content\/uploads\/2024\/12\/snowflake-1065155_1280-1-1024x682.jpg 1024w, https:\/\/ensemblechoralmixtedelyon.fr\/wp-content\/uploads\/2024\/12\/snowflake-1065155_1280-1-300x200.jpg 300w, https:\/\/ensemblechoralmixtedelyon.fr\/wp-content\/uploads\/2024\/12\/snowflake-1065155_1280-1-768x512.jpg 768w, https:\/\/ensemblechoralmixtedelyon.fr\/wp-content\/uploads\/2024\/12\/snowflake-1065155_1280-1-624x416.jpg 624w, https:\/\/ensemblechoralmixtedelyon.fr\/wp-content\/uploads\/2024\/12\/snowflake-1065155_1280-1.jpg 1280w\" sizes=\"auto, (max-width: 1024px) 100vw, 1024px\" \/><\/figure><\/div>\n\n\n\n<p><strong><mark style=\"background-color:rgba(0, 0, 0, 0)\" class=\"has-inline-color has-blue-color\">BELLES F\u00caTES DE FIN D&rsquo;ANN\u00c9E !<\/mark><\/strong><\/p>\n\n\n\n<p>Tous les choristes de l&rsquo;ECML vous souhaitent de joyeuses f\u00eates de fin d&rsquo;ann\u00e9e et vous donnent rendez-vous en 2025 pour vivre la musique !<\/p>\n\n\n\n<p><strong><mark style=\"background-color:rgba(0, 0, 0, 0)\" class=\"has-inline-color has-blue-color\">C&rsquo;EST LA RENTR\u00c9E !<\/mark><\/strong><\/p>\n\n\n\n<div class=\"wp-block-media-text is-stacked-on-mobile\"><figure class=\"wp-block-media-text__media\"><img loading=\"lazy\" decoding=\"async\" width=\"886\" height=\"896\" src=\"http:\/\/ensemblechoralmixtedelyon.fr\/wp-content\/uploads\/2024\/08\/rentree-ecml-2024.jpg\" alt=\"\" class=\"wp-image-338 size-full\" srcset=\"https:\/\/ensemblechoralmixtedelyon.fr\/wp-content\/uploads\/2024\/08\/rentree-ecml-2024.jpg 886w, https:\/\/ensemblechoralmixtedelyon.fr\/wp-content\/uploads\/2024\/08\/rentree-ecml-2024-297x300.jpg 297w, https:\/\/ensemblechoralmixtedelyon.fr\/wp-content\/uploads\/2024\/08\/rentree-ecml-2024-768x777.jpg 768w, https:\/\/ensemblechoralmixtedelyon.fr\/wp-content\/uploads\/2024\/08\/rentree-ecml-2024-624x631.jpg 624w\" sizes=\"auto, (max-width: 886px) 100vw, 886px\" \/><\/figure><div class=\"wp-block-media-text__content\">\n<p>Nos r\u00e9p\u00e9titions pour la saison 2024-2025 commencent le <strong>mardi 10 septembre 2024<\/strong>. <\/p>\n\n\n\n<p>Nous vous accueillerons \u00e0 partir de <strong>19h45 <\/strong>au Centre culturel et de la vie associative \u00e0 Villeurbanne (234 cours \u00c9mile Zola, m\u00e9tro A Flachet). Int\u00e9ress\u00e9s ?<\/p>\n\n\n\n<p><strong><mark style=\"background-color:rgba(0, 0, 0, 0)\" class=\"has-inline-color has-blue-color\"><a href=\"https:\/\/ensemblechoralmixtedelyon.fr\/index.php\/page-d-exemple\/\" data-type=\"page\" data-id=\"2\">Rejoignez-nous<\/a> !<\/mark><\/strong><\/p>\n<\/div><\/div>\n\n\n\n<div class=\"wp-block-columns is-layout-flex wp-container-core-columns-is-layout-9d6595d7 wp-block-columns-is-layout-flex\">\n<div class=\"wp-block-column is-layout-flow wp-block-column-is-layout-flow\" style=\"flex-basis:100%\">\n<p><\/p>\n<\/div>\n<\/div>\n\n\n\n<p><strong><mark style=\"background-color:rgba(0, 0, 0, 0)\" class=\"has-inline-color has-blue-color\">BONNES VACANCES<\/mark><\/strong><\/p>\n\n\n\n<p>Tous les choristes vous souhaitent un bel \u00e9t\u00e9 et vous donnent rendez-vous \u00e0 la rentr\u00e9e pour la saison 2024-2025.<\/p>\n\n\n\n<div class=\"wp-block-columns is-layout-flex wp-container-core-columns-is-layout-9d6595d7 wp-block-columns-is-layout-flex\">\n<div class=\"wp-block-column is-layout-flow wp-block-column-is-layout-flow\" style=\"flex-basis:100%\">\n<p class=\"has-text-align-left\"><\/p>\n<\/div>\n<\/div>\n\n\n\n<div class=\"wp-block-columns is-layout-flex wp-container-core-columns-is-layout-9d6595d7 wp-block-columns-is-layout-flex\">\n<div class=\"wp-block-column is-layout-flow wp-block-column-is-layout-flow\" style=\"flex-basis:66.66%\">\n<p><mark style=\"background-color:rgba(0, 0, 0, 0)\" class=\"has-inline-color has-blue-color\"><strong>C&rsquo;EST LA RENTR\u00c9E !<\/strong><\/mark><\/p>\n\n\n\n<p><strong>REPRISE DES R\u00c9P\u00c9TITIONS<\/strong> <strong>le mardi 12 septembre 2023 <\/strong>\u00e0 19h45 &nbsp;au<strong> <\/strong>CCVA, 234 cours Emile Zola \u00e0 Villeurbanne<\/p>\n<\/div>\n\n\n\n<div class=\"wp-block-column is-layout-flow wp-block-column-is-layout-flow\" style=\"flex-basis:33.33%\">\n<figure class=\"wp-block-image size-full is-resized\"><img loading=\"lazy\" decoding=\"async\" width=\"640\" height=\"453\" src=\"https:\/\/ensemblechoralmixtedelyon.fr\/wp-content\/uploads\/2023\/09\/autumn-1649362_640.jpg\" alt=\"\" class=\"wp-image-290\" style=\"width:150px;height:106px\" srcset=\"https:\/\/ensemblechoralmixtedelyon.fr\/wp-content\/uploads\/2023\/09\/autumn-1649362_640.jpg 640w, https:\/\/ensemblechoralmixtedelyon.fr\/wp-content\/uploads\/2023\/09\/autumn-1649362_640-300x212.jpg 300w, https:\/\/ensemblechoralmixtedelyon.fr\/wp-content\/uploads\/2023\/09\/autumn-1649362_640-624x442.jpg 624w\" sizes=\"auto, (max-width: 640px) 100vw, 640px\" \/><\/figure>\n<\/div>\n<\/div>\n\n\n\n<div class=\"wp-block-columns is-layout-flex wp-container-core-columns-is-layout-9d6595d7 wp-block-columns-is-layout-flex\">\n<div class=\"wp-block-column is-layout-flow wp-block-column-is-layout-flow\" style=\"flex-basis:66.66%\">\n<p><strong><mark style=\"background-color:rgba(0, 0, 0, 0)\" class=\"has-inline-color has-blue-color\">FAIRE CH\u0152UR AVEC LA MUSIQUE !<\/mark><\/strong><\/p>\n\n\n\n<p>Le dimanche 10 septembre 2023 nous avons particip\u00e9 \u00e0 la <a href=\"https:\/\/www.wikilleurbanne.fr\/?BiennaleDesAsso\"><strong>Biennale des Associations \u00e0 Villeurbanne<\/strong><\/a> et au cort\u00e8ge des associations, avec notre slogan \u00ab\u00a0Faire choeur avec la musique !\u00a0\u00bb <\/p>\n<\/div>\n\n\n\n<div class=\"wp-block-column is-layout-flow wp-block-column-is-layout-flow\" style=\"flex-basis:33.33%\"><div class=\"wp-block-image\">\n<figure class=\"alignleft size-large is-resized\"><img loading=\"lazy\" decoding=\"async\" width=\"576\" height=\"1024\" src=\"http:\/\/ensemblechoralmixtedelyon.fr\/wp-content\/uploads\/2023\/09\/BIENNALE-DES-ASSOCIATIONS-RS-2023_IG-story-1080x1920px-576x1024.jpg\" alt=\"\" class=\"wp-image-281\" style=\"width:77px;height:137px\" srcset=\"https:\/\/ensemblechoralmixtedelyon.fr\/wp-content\/uploads\/2023\/09\/BIENNALE-DES-ASSOCIATIONS-RS-2023_IG-story-1080x1920px-576x1024.jpg 576w, https:\/\/ensemblechoralmixtedelyon.fr\/wp-content\/uploads\/2023\/09\/BIENNALE-DES-ASSOCIATIONS-RS-2023_IG-story-1080x1920px-169x300.jpg 169w, https:\/\/ensemblechoralmixtedelyon.fr\/wp-content\/uploads\/2023\/09\/BIENNALE-DES-ASSOCIATIONS-RS-2023_IG-story-1080x1920px-768x1365.jpg 768w, https:\/\/ensemblechoralmixtedelyon.fr\/wp-content\/uploads\/2023\/09\/BIENNALE-DES-ASSOCIATIONS-RS-2023_IG-story-1080x1920px-864x1536.jpg 864w, https:\/\/ensemblechoralmixtedelyon.fr\/wp-content\/uploads\/2023\/09\/BIENNALE-DES-ASSOCIATIONS-RS-2023_IG-story-1080x1920px-624x1109.jpg 624w, https:\/\/ensemblechoralmixtedelyon.fr\/wp-content\/uploads\/2023\/09\/BIENNALE-DES-ASSOCIATIONS-RS-2023_IG-story-1080x1920px.jpg 1080w\" sizes=\"auto, (max-width: 576px) 100vw, 576px\" \/><\/figure>\n<\/div><\/div>\n<\/div>\n\n\n\n<p>Les personnes que nous avons rencontr\u00e9es peuvent venir nous \u00e9couter en r\u00e9p\u00e9tition, le mardi \u00e0 19h45 au CCVA.<\/p>\n\n\n\n<div class=\"wp-block-columns is-layout-flex wp-container-core-columns-is-layout-9d6595d7 wp-block-columns-is-layout-flex\">\n<div class=\"wp-block-column is-layout-flow wp-block-column-is-layout-flow\">\n<figure class=\"wp-block-image size-large\"><img loading=\"lazy\" decoding=\"async\" width=\"1024\" height=\"899\" src=\"http:\/\/ensemblechoralmixtedelyon.fr\/wp-content\/uploads\/2023\/09\/2023-09-biennale-defile-recadre-IMG-20230911-WA0023-1024x899.jpg\" alt=\"Biennale associations 2023\" class=\"wp-image-299\" srcset=\"https:\/\/ensemblechoralmixtedelyon.fr\/wp-content\/uploads\/2023\/09\/2023-09-biennale-defile-recadre-IMG-20230911-WA0023-1024x899.jpg 1024w, https:\/\/ensemblechoralmixtedelyon.fr\/wp-content\/uploads\/2023\/09\/2023-09-biennale-defile-recadre-IMG-20230911-WA0023-300x263.jpg 300w, https:\/\/ensemblechoralmixtedelyon.fr\/wp-content\/uploads\/2023\/09\/2023-09-biennale-defile-recadre-IMG-20230911-WA0023-768x675.jpg 768w, https:\/\/ensemblechoralmixtedelyon.fr\/wp-content\/uploads\/2023\/09\/2023-09-biennale-defile-recadre-IMG-20230911-WA0023-624x548.jpg 624w, https:\/\/ensemblechoralmixtedelyon.fr\/wp-content\/uploads\/2023\/09\/2023-09-biennale-defile-recadre-IMG-20230911-WA0023.jpg 1536w\" sizes=\"auto, (max-width: 1024px) 100vw, 1024px\" \/><\/figure>\n<\/div>\n\n\n\n<div class=\"wp-block-column is-layout-flow wp-block-column-is-layout-flow\">\n<figure class=\"wp-block-image size-large is-resized\"><img loading=\"lazy\" decoding=\"async\" width=\"1024\" height=\"768\" src=\"http:\/\/ensemblechoralmixtedelyon.fr\/wp-content\/uploads\/2023\/09\/2023-09-IMG_4678-Biennale-Sophie-MJo-Validee-1024x768.jpg\" alt=\"\" class=\"wp-image-300\" style=\"width:363px;height:272px\" srcset=\"https:\/\/ensemblechoralmixtedelyon.fr\/wp-content\/uploads\/2023\/09\/2023-09-IMG_4678-Biennale-Sophie-MJo-Validee-1024x768.jpg 1024w, https:\/\/ensemblechoralmixtedelyon.fr\/wp-content\/uploads\/2023\/09\/2023-09-IMG_4678-Biennale-Sophie-MJo-Validee-300x225.jpg 300w, https:\/\/ensemblechoralmixtedelyon.fr\/wp-content\/uploads\/2023\/09\/2023-09-IMG_4678-Biennale-Sophie-MJo-Validee-768x576.jpg 768w, https:\/\/ensemblechoralmixtedelyon.fr\/wp-content\/uploads\/2023\/09\/2023-09-IMG_4678-Biennale-Sophie-MJo-Validee-1536x1152.jpg 1536w, https:\/\/ensemblechoralmixtedelyon.fr\/wp-content\/uploads\/2023\/09\/2023-09-IMG_4678-Biennale-Sophie-MJo-Validee-2048x1536.jpg 2048w, https:\/\/ensemblechoralmixtedelyon.fr\/wp-content\/uploads\/2023\/09\/2023-09-IMG_4678-Biennale-Sophie-MJo-Validee-624x468.jpg 624w\" sizes=\"auto, (max-width: 1024px) 100vw, 1024px\" \/><\/figure>\n<\/div>\n<\/div>\n\n\n\n<p><\/p>\n\n\n\n<p><\/p>\n","protected":false},"excerpt":{"rendered":"<p>DERNIER DIMANCHE DE TRAVAIL Un moment s\u00e9rieux et convivial. Cette ann\u00e9e, nous chantons en su\u00e9dois et en allemand. Un vrai d\u00e9fi ! BONNE ANN\u00c9E 2026 ! L&rsquo;ECML reprend ses activit\u00e9s en ce mois de janvier 2026, et vous donne rendez-vous en fin de saison pour un moment musical. Les choristes se sont retrouv\u00e9s le dimanche [&hellip;]<\/p>\n","protected":false},"author":1,"featured_media":0,"parent":0,"menu_order":0,"comment_status":"closed","ping_status":"closed","template":"","meta":{"footnotes":""},"class_list":["post-254","page","type-page","status-publish","hentry"],"_links":{"self":[{"href":"https:\/\/ensemblechoralmixtedelyon.fr\/index.php\/wp-json\/wp\/v2\/pages\/254","targetHints":{"allow":["GET"]}}],"collection":[{"href":"https:\/\/ensemblechoralmixtedelyon.fr\/index.php\/wp-json\/wp\/v2\/pages"}],"about":[{"href":"https:\/\/ensemblechoralmixtedelyon.fr\/index.php\/wp-json\/wp\/v2\/types\/page"}],"author":[{"embeddable":true,"href":"https:\/\/ensemblechoralmixtedelyon.fr\/index.php\/wp-json\/wp\/v2\/users\/1"}],"replies":[{"embeddable":true,"href":"https:\/\/ensemblechoralmixtedelyon.fr\/index.php\/wp-json\/wp\/v2\/comments?post=254"}],"version-history":[{"count":44,"href":"https:\/\/ensemblechoralmixtedelyon.fr\/index.php\/wp-json\/wp\/v2\/pages\/254\/revisions"}],"predecessor-version":[{"id":508,"href":"https:\/\/ensemblechoralmixtedelyon.fr\/index.php\/wp-json\/wp\/v2\/pages\/254\/revisions\/508"}],"wp:attachment":[{"href":"https:\/\/ensemblechoralmixtedelyon.fr\/index.php\/wp-json\/wp\/v2\/media?parent=254"}],"curies":[{"name":"wp","href":"https:\/\/api.w.org\/{rel}","templated":true}]}}